{"id":458,"date":"2020-02-07T16:33:04","date_gmt":"2020-02-07T16:33:04","guid":{"rendered":"https:\/\/gruta.pt\/?page_id=458"},"modified":"2020-11-14T22:28:30","modified_gmt":"2020-11-14T22:28:30","slug":"group","status":"publish","type":"page","link":"https:\/\/gruta.pt\/index.php\/de\/group\/","title":{"rendered":"Gruppe"},"content":{"rendered":"\n<div class=\"wp-block-columns\">\n<div class=\"wp-block-column\">\n<figure class=\"wp-block-image size-large\"><img loading=\"lazy\" width=\"425\" height=\"425\" src=\"https:\/\/gruta.pt\/wp-content\/uploads\/2020\/02\/Marco-Fonseca-1.jpg\" alt=\"\" class=\"wp-image-459\" srcset=\"https:\/\/gruta.pt\/wp-content\/uploads\/2020\/02\/Marco-Fonseca-1.jpg 425w, https:\/\/gruta.pt\/wp-content\/uploads\/2020\/02\/Marco-Fonseca-1-300x300.jpg 300w, https:\/\/gruta.pt\/wp-content\/uploads\/2020\/02\/Marco-Fonseca-1-150x150.jpg 150w\" sizes=\"(max-width: 425px) 100vw, 425px\" \/><\/figure>\n\n\n\n<p class=\"has-text-align-center\" style=\"font-size:14px\">Marco Fonseca, Architekt (PT) <\/p>\n\n\n\n<p class=\"has-text-align-center\" style=\"font-size:14px\">0049 170 8415680<\/p>\n\n\n\n<figure class=\"wp-block-image size-large\"><img loading=\"lazy\" width=\"425\" height=\"425\" src=\"https:\/\/gruta.pt\/wp-content\/uploads\/2020\/02\/Vasco-Fonseca-3.jpg\" alt=\"\" class=\"wp-image-462\" srcset=\"https:\/\/gruta.pt\/wp-content\/uploads\/2020\/02\/Vasco-Fonseca-3.jpg 425w, https:\/\/gruta.pt\/wp-content\/uploads\/2020\/02\/Vasco-Fonseca-3-300x300.jpg 300w, https:\/\/gruta.pt\/wp-content\/uploads\/2020\/02\/Vasco-Fonseca-3-150x150.jpg 150w\" sizes=\"(max-width: 425px) 100vw, 425px\" \/><\/figure>\n\n\n\n<p class=\"has-text-align-center\" style=\"font-size:14px\">Vasco Fonseca, Rechtsbeistand  <\/p>\n\n\n\n<p class=\"has-text-align-center\" style=\"font-size:14px\">00351 255 922 400<\/p>\n<\/div>\n\n\n\n<div class=\"wp-block-column\">\n<figure class=\"wp-block-image size-large is-style-default\"><img loading=\"lazy\" width=\"425\" height=\"425\" src=\"https:\/\/gruta.pt\/wp-content\/uploads\/2020\/02\/Fernanda-Cunha-1.jpg\" alt=\"\" class=\"wp-image-460\" srcset=\"https:\/\/gruta.pt\/wp-content\/uploads\/2020\/02\/Fernanda-Cunha-1.jpg 425w, https:\/\/gruta.pt\/wp-content\/uploads\/2020\/02\/Fernanda-Cunha-1-300x300.jpg 300w, https:\/\/gruta.pt\/wp-content\/uploads\/2020\/02\/Fernanda-Cunha-1-150x150.jpg 150w\" sizes=\"(max-width: 425px) 100vw, 425px\" \/><\/figure>\n\n\n\n<p class=\"has-text-align-center\" style=\"font-size:14px\">Fernanda Cunha, Gesch\u00e4ftsf\u00fchrerin<\/p>\n\n\n\n<p class=\"has-text-align-center\" style=\"font-size:14px\"> 00351 255 922 400 <\/p>\n\n\n\n<figure class=\"wp-block-image size-large\"><a href=\"http:\/\/www.a3architekten.eu\/\" target=\"_blank\" rel=\"noreferrer noopener\"><img loading=\"lazy\" width=\"425\" height=\"425\" src=\"https:\/\/gruta.pt\/wp-content\/uploads\/2020\/02\/Luisa-Pacheco-1.jpg\" alt=\"\" class=\"wp-image-463\" srcset=\"https:\/\/gruta.pt\/wp-content\/uploads\/2020\/02\/Luisa-Pacheco-1.jpg 425w, https:\/\/gruta.pt\/wp-content\/uploads\/2020\/02\/Luisa-Pacheco-1-300x300.jpg 300w, https:\/\/gruta.pt\/wp-content\/uploads\/2020\/02\/Luisa-Pacheco-1-150x150.jpg 150w\" sizes=\"(max-width: 425px) 100vw, 425px\" \/><\/a><\/figure>\n\n\n\n<p class=\"has-text-align-center\" style=\"font-size:14px\"><a rel=\"noreferrer noopener\" aria-label=\"Lu\u00edsa Goncalves, Architektin (opens in a new tab)\" href=\"http:\/\/www.a3architekten.eu\/\" target=\"_blank\">Lu\u00edsa Gon\u00e7alves<\/a>, Architektin (DE)<\/p>\n\n\n\n<p class=\"has-text-align-center\" style=\"font-size:14px\">A3 Architekten Berlin-D\u00fcsseldorf <\/p>\n<\/div>\n\n\n\n<div class=\"wp-block-column\">\n<figure class=\"wp-block-image size-large\"><a href=\"https:\/\/cargocollective.com\/arabrabfonseca\" target=\"_blank\" rel=\"noreferrer noopener\"><img loading=\"lazy\" width=\"425\" height=\"425\" src=\"https:\/\/gruta.pt\/wp-content\/uploads\/2020\/02\/Ana-Barbara-2-1.jpg\" alt=\"\" class=\"wp-image-525\" srcset=\"https:\/\/gruta.pt\/wp-content\/uploads\/2020\/02\/Ana-Barbara-2-1.jpg 425w, https:\/\/gruta.pt\/wp-content\/uploads\/2020\/02\/Ana-Barbara-2-1-300x300.jpg 300w, https:\/\/gruta.pt\/wp-content\/uploads\/2020\/02\/Ana-Barbara-2-1-150x150.jpg 150w\" sizes=\"(max-width: 425px) 100vw, 425px\" \/><\/a><\/figure>\n\n\n\n<p class=\"has-text-align-center\" style=\"font-size:14px\"><a href=\"https:\/\/cargocollective.com\/arabrabfonseca\" target=\"_blank\" rel=\"noreferrer noopener\">Ana B\u00e1rbara<\/a>, K\u00fcnstlerin <\/p>\n\n\n\n<p class=\"has-text-align-center\" style=\"font-size:14px\">0049 178 9746324  <\/p>\n\n\n\n<p class=\"has-text-align-center\" style=\"font-size:14px\"><\/p>\n\n\n\n<p><\/p>\n<\/div>\n<\/div>\n","protected":false},"excerpt":{"rendered":"<p>Marco Fonseca, Architekt (PT) 0049 170 8415680 Vasco Fonseca, Rechtsbeistand 00351 255 922 400 Fernanda Cunha, Gesch\u00e4ftsf\u00fchrerin 00351 255 922 400 Lu\u00edsa Gon\u00e7alves, Architektin (DE) A3 Architekten Berlin-D\u00fcsseldorf Ana B\u00e1rbara, K\u00fcnstlerin 0049 178 9746324<\/p>\n","protected":false},"author":1,"featured_media":0,"parent":0,"menu_order":0,"comment_status":"closed","ping_status":"closed","template":"","meta":[],"yoast_head":"<!-- This site is optimized with the Yoast SEO plugin v15.9.2 - https:\/\/yoast.com\/wordpress\/plugins\/seo\/ -->\n<title>Gruppe - Gr\u00e9mio de Utopias Arquitect\u00f3nicas<\/title>\n<link rel=\"canonical\" href=\"https:\/\/gruta.pt\/index.php\/de\/group\/\" \/>\n<meta property=\"og:locale\" content=\"pt_PT\" \/>\n<meta property=\"og:type\" content=\"article\" \/>\n<meta property=\"og:title\" content=\"Gruppe - Gr\u00e9mio de Utopias Arquitect\u00f3nicas\" \/>\n<meta property=\"og:description\" content=\"Marco Fonseca, Architekt (PT) 0049 170 8415680 Vasco Fonseca, Rechtsbeistand 00351 255 922 400 Fernanda Cunha, Gesch\u00e4ftsf\u00fchrerin 00351 255 922 400 Lu\u00edsa Gon\u00e7alves, Architektin (DE) A3 Architekten Berlin-D\u00fcsseldorf Ana B\u00e1rbara, K\u00fcnstlerin 0049 178 9746324\" \/>\n<meta property=\"og:url\" content=\"https:\/\/gruta.pt\/index.php\/de\/group\/\" \/>\n<meta property=\"og:site_name\" content=\"Gr\u00e9mio de Utopias Arquitect\u00f3nicas\" \/>\n<meta property=\"article:modified_time\" content=\"2020-11-14T22:28:30+00:00\" \/>\n<meta property=\"og:image\" content=\"https:\/\/gruta.pt\/wp-content\/uploads\/2020\/02\/Marco-Fonseca-1.jpg\" \/>\n<meta name=\"twitter:card\" content=\"summary_large_image\" \/>\n<script type=\"application\/ld+json\" class=\"yoast-schema-graph\">{\"@context\":\"https:\/\/schema.org\",\"@graph\":[{\"@type\":\"Organization\",\"@id\":\"https:\/\/gruta.pt\/#organization\",\"name\":\"GRUTA\",\"url\":\"https:\/\/gruta.pt\/\",\"sameAs\":[],\"logo\":{\"@type\":\"ImageObject\",\"@id\":\"https:\/\/gruta.pt\/#logo\",\"inLanguage\":\"pt-PT\",\"url\":\"https:\/\/gruta.pt\/wp-content\/uploads\/2020\/02\/Unbenannt.png\",\"width\":540,\"height\":521,\"caption\":\"GRUTA\"},\"image\":{\"@id\":\"https:\/\/gruta.pt\/#logo\"}},{\"@type\":\"WebSite\",\"@id\":\"https:\/\/gruta.pt\/#website\",\"url\":\"https:\/\/gruta.pt\/\",\"name\":\"Gr\\u00e9mio de Utopias Arquitect\\u00f3nicas\",\"description\":\"\",\"publisher\":{\"@id\":\"https:\/\/gruta.pt\/#organization\"},\"potentialAction\":[{\"@type\":\"SearchAction\",\"target\":\"https:\/\/gruta.pt\/?s={search_term_string}\",\"query-input\":\"required name=search_term_string\"}],\"inLanguage\":\"pt-PT\"},{\"@type\":\"ImageObject\",\"@id\":\"https:\/\/gruta.pt\/index.php\/de\/group\/#primaryimage\",\"inLanguage\":\"pt-PT\",\"url\":\"https:\/\/gruta.pt\/wp-content\/uploads\/2020\/02\/Marco-Fonseca-1.jpg\",\"width\":425,\"height\":425},{\"@type\":\"WebPage\",\"@id\":\"https:\/\/gruta.pt\/index.php\/de\/group\/#webpage\",\"url\":\"https:\/\/gruta.pt\/index.php\/de\/group\/\",\"name\":\"Gruppe - Gr\\u00e9mio de Utopias Arquitect\\u00f3nicas\",\"isPartOf\":{\"@id\":\"https:\/\/gruta.pt\/#website\"},\"primaryImageOfPage\":{\"@id\":\"https:\/\/gruta.pt\/index.php\/de\/group\/#primaryimage\"},\"datePublished\":\"2020-02-07T16:33:04+00:00\",\"dateModified\":\"2020-11-14T22:28:30+00:00\",\"breadcrumb\":{\"@id\":\"https:\/\/gruta.pt\/index.php\/de\/group\/#breadcrumb\"},\"inLanguage\":\"pt-PT\",\"potentialAction\":[{\"@type\":\"ReadAction\",\"target\":[\"https:\/\/gruta.pt\/index.php\/de\/group\/\"]}]},{\"@type\":\"BreadcrumbList\",\"@id\":\"https:\/\/gruta.pt\/index.php\/de\/group\/#breadcrumb\",\"itemListElement\":[{\"@type\":\"ListItem\",\"position\":1,\"item\":{\"@type\":\"WebPage\",\"@id\":\"https:\/\/gruta.pt\/\",\"url\":\"https:\/\/gruta.pt\/\",\"name\":\"In\\u00edcio\"}},{\"@type\":\"ListItem\",\"position\":2,\"item\":{\"@type\":\"WebPage\",\"@id\":\"https:\/\/gruta.pt\/index.php\/de\/group\/\",\"url\":\"https:\/\/gruta.pt\/index.php\/de\/group\/\",\"name\":\"Gruppe\"}}]}]}<\/script>\n<!-- \/ Yoast SEO plugin. -->","_links":{"self":[{"href":"https:\/\/gruta.pt\/index.php\/wp-json\/wp\/v2\/pages\/458"}],"collection":[{"href":"https:\/\/gruta.pt\/index.php\/wp-json\/wp\/v2\/pages"}],"about":[{"href":"https:\/\/gruta.pt\/index.php\/wp-json\/wp\/v2\/types\/page"}],"author":[{"embeddable":true,"href":"https:\/\/gruta.pt\/index.php\/wp-json\/wp\/v2\/users\/1"}],"replies":[{"embeddable":true,"href":"https:\/\/gruta.pt\/index.php\/wp-json\/wp\/v2\/comments?post=458"}],"version-history":[{"count":19,"href":"https:\/\/gruta.pt\/index.php\/wp-json\/wp\/v2\/pages\/458\/revisions"}],"predecessor-version":[{"id":750,"href":"https:\/\/gruta.pt\/index.php\/wp-json\/wp\/v2\/pages\/458\/revisions\/750"}],"wp:attachment":[{"href":"https:\/\/gruta.pt\/index.php\/wp-json\/wp\/v2\/media?parent=458"}],"curies":[{"name":"wp","href":"https:\/\/api.w.org\/{rel}","templated":true}]}}